{"id":1102,"date":"2022-07-13T09:27:25","date_gmt":"2022-07-13T09:27:25","guid":{"rendered":"https:\/\/camping-plougrescant.pros.bzh\/?page_id=1102"},"modified":"2025-12-29T15:09:13","modified_gmt":"2025-12-29T15:09:13","slug":"periodes-douverture","status":"publish","type":"page","link":"https:\/\/www.plougrescant.fr\/camp\/periodes-douverture\/","title":{"rendered":"P\u00e9riodes d&rsquo;ouverture"},"content":{"rendered":"\t\t<div data-elementor-type=\"wp-page\" data-elementor-id=\"1102\" class=\"elementor elementor-1102\" data-elementor-post-type=\"page\">\n\t\t\t\t\t\t<section class=\"elementor-section elementor-top-section elementor-element elementor-element-fea7470 elementor-section-height-min-height elementor-section-content-middle elementor-section-boxed elementor-section-height-default elementor-section-items-middle\" data-id=\"fea7470\" data-element_type=\"section\" data-settings=\"{&quot;background_background&quot;:&quot;classic&quot;}\">\n\t\t\t\t\t\t<div class=\"elementor-container elementor-column-gap-default\">\n\t\t\t\t\t<div class=\"elementor-column elementor-col-100 elementor-top-column elementor-element elementor-element-0a21016\" data-id=\"0a21016\" data-element_type=\"column\">\n\t\t\t<div class=\"elementor-widget-wrap\">\n\t\t\t\t\t\t\t<\/div>\n\t\t<\/div>\n\t\t\t\t\t<\/div>\n\t\t<\/section>\n\t\t\t\t<section class=\"elementor-section elementor-top-section elementor-element elementor-element-2e09882 elementor-section-height-min-height elementor-section-boxed elementor-section-height-default elementor-section-items-middle\" data-id=\"2e09882\" data-element_type=\"section\">\n\t\t\t\t\t\t<div class=\"elementor-container elementor-column-gap-default\">\n\t\t\t\t\t<div class=\"elementor-column elementor-col-100 elementor-top-column elementor-element elementor-element-56423a3\" data-id=\"56423a3\" data-element_type=\"column\">\n\t\t\t<div class=\"elementor-widget-wrap elementor-element-populated\">\n\t\t\t\t\t\t<div class=\"elementor-element elementor-element-9feb9bc elementor-position-left elementor-mobile-position-left elementor-view-default elementor-vertical-align-top elementor-widget elementor-widget-icon-box\" data-id=\"9feb9bc\" data-element_type=\"widget\" data-widget_type=\"icon-box.default\">\n\t\t\t\t<div class=\"elementor-widget-container\">\n\t\t\t<link rel=\"stylesheet\" href=\"https:\/\/www.plougrescant.fr\/camp\/wp-content\/plugins\/elementor\/assets\/css\/widget-icon-box.min.css\">\t\t<div class=\"elementor-icon-box-wrapper\">\n\n\t\t\t\t\t\t<div class=\"elementor-icon-box-icon\">\n\t\t\t\t<span  class=\"elementor-icon elementor-animation-\">\n\t\t\t\t<svg xmlns=\"http:\/\/www.w3.org\/2000\/svg\" id=\"Calque_1\" viewBox=\"0 0 500 129\"><defs><style>.cls-1{fill:#ef8073;}<\/style><\/defs><path class=\"cls-1\" d=\"M129.71,129c-45.28,0-83.34-14.9-116.19-45.54C5.16,75.82,.62,65.2,.69,54.23c.09-10.95,4.84-21.52,13.09-29.09,7.85-7.12,18.12-11.09,28.92-11.09s21.43,4.07,29.28,11.42c17.11,15.98,34.87,23.07,57.31,23.07,26.29,0,57.83-9.26,96.22-21.41C265.83,14.4,311.53,0,358.64,0s87.81,13.96,125.45,42.69c8.91,6.77,14.69,16.97,15.7,27.96,1.03,10.9-2.63,21.81-10.13,30.03-7.99,8.93-19.62,13.96-31.77,13.96-9.38,0-18.77-3.15-26.15-8.76-22.42-17.08-45.91-25.02-74.01-25.02-33.04,0-68.42,11.14-105.92,23-37.36,11.82-79.72,25.14-122.09,25.14\"><\/path><\/svg>\t\t\t\t<\/span>\n\t\t\t<\/div>\n\t\t\t\n\t\t\t\t\t\t<div class=\"elementor-icon-box-content\">\n\n\t\t\t\t\t\t\t\t\t<h2 class=\"elementor-icon-box-title\">\n\t\t\t\t\t\t<span  >\n\t\t\t\t\t\t\tP\u00e9riodes d'ouverture - Vendredi 3 avril 2026 au dimanche 2 novembre 202\t\t\t\t\t\t<\/span>\n\t\t\t\t\t<\/h2>\n\t\t\t\t\n\t\t\t\t\n\t\t\t<\/div>\n\t\t\t\n\t\t<\/div>\n\t\t\t\t<\/div>\n\t\t\t\t<\/div>\n\t\t\t\t<div class=\"elementor-element elementor-element-57a11f3 elementor-widget elementor-widget-heading\" data-id=\"57a11f3\" data-element_type=\"widget\" data-widget_type=\"heading.default\">\n\t\t\t\t<div class=\"elementor-widget-container\">\n\t\t\t<style>\/*! elementor - v3.22.0 - 26-06-2024 *\/\n.elementor-heading-title{padding:0;margin:0;line-height:1}.elementor-widget-heading .elementor-heading-title[class*=elementor-size-]>a{color:inherit;font-size:inherit;line-height:inherit}.elementor-widget-heading .elementor-heading-title.elementor-size-small{font-size:15px}.elementor-widget-heading .elementor-heading-title.elementor-size-medium{font-size:19px}.elementor-widget-heading .elementor-heading-title.elementor-size-large{font-size:29px}.elementor-widget-heading .elementor-heading-title.elementor-size-xl{font-size:39px}.elementor-widget-heading .elementor-heading-title.elementor-size-xxl{font-size:59px}<\/style><h3 class=\"elementor-heading-title elementor-size-default\">Horaires de l'accueil<\/h3>\t\t<\/div>\n\t\t\t\t<\/div>\n\t\t\t\t<section class=\"elementor-section elementor-inner-section elementor-element elementor-element-cd28bc0 elementor-section-boxed elementor-section-height-default elementor-section-height-default\" data-id=\"cd28bc0\" data-element_type=\"section\">\n\t\t\t\t\t\t<div class=\"elementor-container elementor-column-gap-wide\">\n\t\t\t\t\t<div class=\"elementor-column elementor-col-25 elementor-inner-column elementor-element elementor-element-2c27ef6\" data-id=\"2c27ef6\" data-element_type=\"column\">\n\t\t\t<div class=\"elementor-widget-wrap elementor-element-populated\">\n\t\t\t\t\t\t<div class=\"elementor-element elementor-element-70d0b92 elementor-widget elementor-widget-heading\" data-id=\"70d0b92\" data-element_type=\"widget\" data-widget_type=\"heading.default\">\n\t\t\t\t<div class=\"elementor-widget-container\">\n\t\t\t<h4 class=\"elementor-heading-title elementor-size-default\">Avril\/Mai\/Juin\/sept.<\/h4>\t\t<\/div>\n\t\t\t\t<\/div>\n\t\t\t\t<div class=\"elementor-element elementor-element-055d7eb elementor-widget elementor-widget-text-editor\" data-id=\"055d7eb\" data-element_type=\"widget\" data-widget_type=\"text-editor.default\">\n\t\t\t\t<div class=\"elementor-widget-container\">\n\t\t\t<style>\/*! elementor - v3.22.0 - 26-06-2024 *\/\n.elementor-widget-text-editor.elementor-drop-cap-view-stacked .elementor-drop-cap{background-color:#69727d;color:#fff}.elementor-widget-text-editor.elementor-drop-cap-view-framed .elementor-drop-cap{color:#69727d;border:3px solid;background-color:transparent}.elementor-widget-text-editor:not(.elementor-drop-cap-view-default) .elementor-drop-cap{margin-top:8px}.elementor-widget-text-editor:not(.elementor-drop-cap-view-default) .elementor-drop-cap-letter{width:1em;height:1em}.elementor-widget-text-editor .elementor-drop-cap{float:left;text-align:center;line-height:1;font-size:50px}.elementor-widget-text-editor .elementor-drop-cap-letter{display:inline-block}<\/style>\t\t\t\t<p><strong>Tous les jours<\/strong> :\u00a0<br \/><span style=\"color: var( --e-global-color-text ); font-family: var( --e-global-typography-text-font-family ), Sans-serif; font-size: var( --e-global-typography-text-font-size ); font-weight: var( --e-global-typography-text-font-weight ); letter-spacing: var( --e-global-typography-text-letter-spacing );\">8h00 &#8211; 10h00 &amp; 15h00 &#8211; 19h00<\/span><\/p><p>\u00a0<\/p>\t\t\t\t\t\t<\/div>\n\t\t\t\t<\/div>\n\t\t\t\t\t<\/div>\n\t\t<\/div>\n\t\t\t\t<div class=\"elementor-column elementor-col-25 elementor-inner-column elementor-element elementor-element-f4001b0\" data-id=\"f4001b0\" data-element_type=\"column\">\n\t\t\t<div class=\"elementor-widget-wrap elementor-element-populated\">\n\t\t\t\t\t\t<div class=\"elementor-element elementor-element-cf95f67 elementor-widget elementor-widget-heading\" data-id=\"cf95f67\" data-element_type=\"widget\" data-widget_type=\"heading.default\">\n\t\t\t\t<div class=\"elementor-widget-container\">\n\t\t\t<h4 class=\"elementor-heading-title elementor-size-default\">Juillet\/Ao\u00fbt<\/h4>\t\t<\/div>\n\t\t\t\t<\/div>\n\t\t\t\t<div class=\"elementor-element elementor-element-686722a elementor-widget elementor-widget-text-editor\" data-id=\"686722a\" data-element_type=\"widget\" data-widget_type=\"text-editor.default\">\n\t\t\t\t<div class=\"elementor-widget-container\">\n\t\t\t\t\t\t\t<p><strong>Tous les jours<\/strong> : <br \/>8h00 &#8211; 12h00 &amp; de 14h00 &#8211; 19h00<\/p><p>\u00a0<\/p>\t\t\t\t\t\t<\/div>\n\t\t\t\t<\/div>\n\t\t\t\t\t<\/div>\n\t\t<\/div>\n\t\t\t\t<div class=\"elementor-column elementor-col-25 elementor-inner-column elementor-element elementor-element-8bce145\" data-id=\"8bce145\" data-element_type=\"column\">\n\t\t\t<div class=\"elementor-widget-wrap elementor-element-populated\">\n\t\t\t\t\t\t<div class=\"elementor-element elementor-element-bbca06b elementor-widget elementor-widget-heading\" data-id=\"bbca06b\" data-element_type=\"widget\" data-widget_type=\"heading.default\">\n\t\t\t\t<div class=\"elementor-widget-container\">\n\t\t\t<h4 class=\"elementor-heading-title elementor-size-default\">octobre \/novembre<\/h4>\t\t<\/div>\n\t\t\t\t<\/div>\n\t\t\t\t<div class=\"elementor-element elementor-element-dc0a29d elementor-widget elementor-widget-text-editor\" data-id=\"dc0a29d\" data-element_type=\"widget\" data-widget_type=\"text-editor.default\">\n\t\t\t\t<div class=\"elementor-widget-container\">\n\t\t\t\t\t\t\t<p><b>Mardi au dimanche<\/b>: <br \/>8h30 &#8211; 11h00 &amp; 15h00 &#8211; 18h30<\/p><p><strong>Lundi<\/strong> : <br \/>Ferm\u00e9<\/p>\t\t\t\t\t\t<\/div>\n\t\t\t\t<\/div>\n\t\t\t\t\t<\/div>\n\t\t<\/div>\n\t\t\t\t<div class=\"elementor-column elementor-col-25 elementor-inner-column elementor-element elementor-element-0dc7d4d\" data-id=\"0dc7d4d\" data-element_type=\"column\" data-settings=\"{&quot;background_background&quot;:&quot;classic&quot;}\">\n\t\t\t<div class=\"elementor-widget-wrap elementor-element-populated\">\n\t\t\t\t\t\t<div class=\"elementor-element elementor-element-e6853e6 elementor-widget elementor-widget-heading\" data-id=\"e6853e6\" data-element_type=\"widget\" data-widget_type=\"heading.default\">\n\t\t\t\t<div class=\"elementor-widget-container\">\n\t\t\t<h4 class=\"elementor-heading-title elementor-size-default\">En cas de souci<\/h4>\t\t<\/div>\n\t\t\t\t<\/div>\n\t\t\t\t<div class=\"elementor-element elementor-element-24e0939 elementor-widget elementor-widget-text-editor\" data-id=\"24e0939\" data-element_type=\"widget\" data-widget_type=\"text-editor.default\">\n\t\t\t\t<div class=\"elementor-widget-container\">\n\t\t\t\t\t\t\t<p><strong>En Juillet\/Ao\u00fbt<\/strong> : Le logement du gardien se trouve sur la gauche du b\u00e2timent de la r\u00e9ception \u00ab\u00a0Mobil &lsquo;home\u00a0\u00bb.<\/p><p><strong>En basse saison<\/strong> : Le gestionnaire reste joignable au <a href=\"tel:0296925615\"><strong>02 96 92 56 15<\/strong><\/a><\/p>\t\t\t\t\t\t<\/div>\n\t\t\t\t<\/div>\n\t\t\t\t\t<\/div>\n\t\t<\/div>\n\t\t\t\t\t<\/div>\n\t\t<\/section>\n\t\t\t\t<div class=\"elementor-element elementor-element-abb2297 elementor-widget elementor-widget-text-editor\" data-id=\"abb2297\" data-element_type=\"widget\" data-widget_type=\"text-editor.default\">\n\t\t\t\t<div class=\"elementor-widget-container\">\n\t\t\t\t\t\t\t<h6>En dehors des p\u00e9riodes d&rsquo;ouverture, nous restons joignable en mairie du lundi au vendredi de 8h00 \u00e0 12h30 et de 13h30 \u00e0 17h00.<\/h6>\t\t\t\t\t\t<\/div>\n\t\t\t\t<\/div>\n\t\t\t\t\t<\/div>\n\t\t<\/div>\n\t\t\t\t\t<\/div>\n\t\t<\/section>\n\t\t\t\t<\/div>\n\t\t","protected":false},"excerpt":{"rendered":"<p>P\u00e9riodes d&rsquo;ouverture &#8211; Vendredi 3 avril 2026 au dimanche 2 novembre 202 Horaires de l&rsquo;accueil Avril\/Mai\/Juin\/sept. Tous les jours :\u00a08h00 &#8211; 10h00 &amp; 15h00 &#8211; 19h00 \u00a0 Juillet\/Ao\u00fbt Tous les jours : 8h00 &#8211; 12h00 &amp; de 14h00 &#8211; 19h00 \u00a0 octobre \/novembre Mardi au dimanche: 8h30 &#8211; 11h00 &amp; 15h00 &#8211; 18h30 Lundi : [&hellip;]<\/p>\n","protected":false},"author":5,"featured_media":1591,"parent":0,"menu_order":0,"comment_status":"closed","ping_status":"closed","template":"elementor_header_footer","meta":{"footnotes":""},"class_list":["post-1102","page","type-page","status-publish","has-post-thumbnail","hentry"],"yoast_head":"<!-- This site is optimized with the Yoast SEO plugin v23.0 - https:\/\/yoast.com\/wordpress\/plugins\/seo\/ -->\n<title>Les p\u00e9riodes d\u2019ouvertures et horaires de l\u2019accueil du Camping<\/title>\n<meta name=\"description\" content=\"Voici les horaires de l\u2019accueil du camping de Plougrescant selon la p\u00e9riode de l\u2019ann\u00e9e.\" \/>\n<meta name=\"robots\" content=\"index, follow, max-snippet:-1, max-image-preview:large, max-video-preview:-1\" \/>\n<link rel=\"canonical\" href=\"https:\/\/www.plougrescant.fr\/camp\/periodes-douverture\/\" \/>\n<meta property=\"og:locale\" content=\"fr_FR\" \/>\n<meta property=\"og:type\" content=\"article\" \/>\n<meta property=\"og:title\" content=\"Les p\u00e9riodes d\u2019ouvertures et horaires de l\u2019accueil du Camping\" \/>\n<meta property=\"og:description\" content=\"Voici les horaires de l\u2019accueil du camping de Plougrescant selon la p\u00e9riode de l\u2019ann\u00e9e.\" \/>\n<meta property=\"og:url\" content=\"https:\/\/www.plougrescant.fr\/camp\/periodes-douverture\/\" \/>\n<meta property=\"og:site_name\" content=\"Beg ar Vilin\" \/>\n<meta property=\"article:modified_time\" content=\"2025-12-29T15:09:13+00:00\" \/>\n<meta property=\"og:image\" content=\"https:\/\/www.plougrescant.fr\/camp\/wp-content\/uploads\/2022\/08\/camping_plougrescant-periodes_douverture.jpg\" \/>\n\t<meta property=\"og:image:width\" content=\"1200\" \/>\n\t<meta property=\"og:image:height\" content=\"630\" \/>\n\t<meta property=\"og:image:type\" content=\"image\/jpeg\" \/>\n<meta name=\"twitter:card\" content=\"summary_large_image\" \/>\n<meta name=\"twitter:title\" content=\"Les p\u00e9riodes d\u2019ouvertures et horaires de l\u2019accueil du Camping\" \/>\n<meta name=\"twitter:description\" content=\"Voici les horaires de l\u2019accueil du camping de Plougrescant selon la p\u00e9riode de l\u2019ann\u00e9e.\" \/>\n<meta name=\"twitter:image\" content=\"https:\/\/www.plougrescant.fr\/camp\/wp-content\/uploads\/2022\/08\/camping_plougrescant-periodes_douverture.jpg\" \/>\n<meta name=\"twitter:label1\" content=\"Dur\u00e9e de lecture estim\u00e9e\" \/>\n\t<meta name=\"twitter:data1\" content=\"1 minute\" \/>\n<script type=\"application\/ld+json\" class=\"yoast-schema-graph\">{\"@context\":\"https:\/\/schema.org\",\"@graph\":[{\"@type\":\"WebPage\",\"@id\":\"https:\/\/www.plougrescant.fr\/camp\/periodes-douverture\/\",\"url\":\"https:\/\/www.plougrescant.fr\/camp\/periodes-douverture\/\",\"name\":\"Les p\u00e9riodes d\u2019ouvertures et horaires de l\u2019accueil du Camping\",\"isPartOf\":{\"@id\":\"https:\/\/www.plougrescant.fr\/camp\/#website\"},\"primaryImageOfPage\":{\"@id\":\"https:\/\/www.plougrescant.fr\/camp\/periodes-douverture\/#primaryimage\"},\"image\":{\"@id\":\"https:\/\/www.plougrescant.fr\/camp\/periodes-douverture\/#primaryimage\"},\"thumbnailUrl\":\"https:\/\/www.plougrescant.fr\/camp\/wp-content\/uploads\/2022\/08\/camping_plougrescant-periodes_douverture.jpg\",\"datePublished\":\"2022-07-13T09:27:25+00:00\",\"dateModified\":\"2025-12-29T15:09:13+00:00\",\"description\":\"Voici les horaires de l\u2019accueil du camping de Plougrescant selon la p\u00e9riode de l\u2019ann\u00e9e.\",\"breadcrumb\":{\"@id\":\"https:\/\/www.plougrescant.fr\/camp\/periodes-douverture\/#breadcrumb\"},\"inLanguage\":\"fr-FR\",\"potentialAction\":[{\"@type\":\"ReadAction\",\"target\":[\"https:\/\/www.plougrescant.fr\/camp\/periodes-douverture\/\"]}]},{\"@type\":\"ImageObject\",\"inLanguage\":\"fr-FR\",\"@id\":\"https:\/\/www.plougrescant.fr\/camp\/periodes-douverture\/#primaryimage\",\"url\":\"https:\/\/www.plougrescant.fr\/camp\/wp-content\/uploads\/2022\/08\/camping_plougrescant-periodes_douverture.jpg\",\"contentUrl\":\"https:\/\/www.plougrescant.fr\/camp\/wp-content\/uploads\/2022\/08\/camping_plougrescant-periodes_douverture.jpg\",\"width\":1200,\"height\":630},{\"@type\":\"BreadcrumbList\",\"@id\":\"https:\/\/www.plougrescant.fr\/camp\/periodes-douverture\/#breadcrumb\",\"itemListElement\":[{\"@type\":\"ListItem\",\"position\":1,\"name\":\"Accueil\",\"item\":\"https:\/\/www.plougrescant.fr\/camp\/\"},{\"@type\":\"ListItem\",\"position\":2,\"name\":\"P\u00e9riodes d&rsquo;ouverture\"}]},{\"@type\":\"WebSite\",\"@id\":\"https:\/\/www.plougrescant.fr\/camp\/#website\",\"url\":\"https:\/\/www.plougrescant.fr\/camp\/\",\"name\":\"Beg ar Vilin\",\"description\":\"le Camping municipal de Plougrescant\",\"publisher\":{\"@id\":\"https:\/\/www.plougrescant.fr\/camp\/#organization\"},\"potentialAction\":[{\"@type\":\"SearchAction\",\"target\":{\"@type\":\"EntryPoint\",\"urlTemplate\":\"https:\/\/www.plougrescant.fr\/camp\/?s={search_term_string}\"},\"query-input\":\"required name=search_term_string\"}],\"inLanguage\":\"fr-FR\"},{\"@type\":\"Organization\",\"@id\":\"https:\/\/www.plougrescant.fr\/camp\/#organization\",\"name\":\"Beg ar Vilin\",\"url\":\"https:\/\/www.plougrescant.fr\/camp\/\",\"logo\":{\"@type\":\"ImageObject\",\"inLanguage\":\"fr-FR\",\"@id\":\"https:\/\/www.plougrescant.fr\/camp\/#\/schema\/logo\/image\/\",\"url\":\"https:\/\/www.plougrescant.fr\/camp\/wp-content\/uploads\/2022\/09\/cropped-camping_municipal_de_plougrescant-logotype.jpg\",\"contentUrl\":\"https:\/\/www.plougrescant.fr\/camp\/wp-content\/uploads\/2022\/09\/cropped-camping_municipal_de_plougrescant-logotype.jpg\",\"width\":1181,\"height\":1181,\"caption\":\"Beg ar Vilin\"},\"image\":{\"@id\":\"https:\/\/www.plougrescant.fr\/camp\/#\/schema\/logo\/image\/\"}}]}<\/script>\n<!-- \/ Yoast SEO plugin. -->","yoast_head_json":{"title":"Les p\u00e9riodes d\u2019ouvertures et horaires de l\u2019accueil du Camping","description":"Voici les horaires de l\u2019accueil du camping de Plougrescant selon la p\u00e9riode de l\u2019ann\u00e9e.","robots":{"index":"index","follow":"follow","max-snippet":"max-snippet:-1","max-image-preview":"max-image-preview:large","max-video-preview":"max-video-preview:-1"},"canonical":"https:\/\/www.plougrescant.fr\/camp\/periodes-douverture\/","og_locale":"fr_FR","og_type":"article","og_title":"Les p\u00e9riodes d\u2019ouvertures et horaires de l\u2019accueil du Camping","og_description":"Voici les horaires de l\u2019accueil du camping de Plougrescant selon la p\u00e9riode de l\u2019ann\u00e9e.","og_url":"https:\/\/www.plougrescant.fr\/camp\/periodes-douverture\/","og_site_name":"Beg ar Vilin","article_modified_time":"2025-12-29T15:09:13+00:00","og_image":[{"width":1200,"height":630,"url":"https:\/\/www.plougrescant.fr\/camp\/wp-content\/uploads\/2022\/08\/camping_plougrescant-periodes_douverture.jpg","type":"image\/jpeg"}],"twitter_card":"summary_large_image","twitter_title":"Les p\u00e9riodes d\u2019ouvertures et horaires de l\u2019accueil du Camping","twitter_description":"Voici les horaires de l\u2019accueil du camping de Plougrescant selon la p\u00e9riode de l\u2019ann\u00e9e.","twitter_image":"https:\/\/www.plougrescant.fr\/camp\/wp-content\/uploads\/2022\/08\/camping_plougrescant-periodes_douverture.jpg","twitter_misc":{"Dur\u00e9e de lecture estim\u00e9e":"1 minute"},"schema":{"@context":"https:\/\/schema.org","@graph":[{"@type":"WebPage","@id":"https:\/\/www.plougrescant.fr\/camp\/periodes-douverture\/","url":"https:\/\/www.plougrescant.fr\/camp\/periodes-douverture\/","name":"Les p\u00e9riodes d\u2019ouvertures et horaires de l\u2019accueil du Camping","isPartOf":{"@id":"https:\/\/www.plougrescant.fr\/camp\/#website"},"primaryImageOfPage":{"@id":"https:\/\/www.plougrescant.fr\/camp\/periodes-douverture\/#primaryimage"},"image":{"@id":"https:\/\/www.plougrescant.fr\/camp\/periodes-douverture\/#primaryimage"},"thumbnailUrl":"https:\/\/www.plougrescant.fr\/camp\/wp-content\/uploads\/2022\/08\/camping_plougrescant-periodes_douverture.jpg","datePublished":"2022-07-13T09:27:25+00:00","dateModified":"2025-12-29T15:09:13+00:00","description":"Voici les horaires de l\u2019accueil du camping de Plougrescant selon la p\u00e9riode de l\u2019ann\u00e9e.","breadcrumb":{"@id":"https:\/\/www.plougrescant.fr\/camp\/periodes-douverture\/#breadcrumb"},"inLanguage":"fr-FR","potentialAction":[{"@type":"ReadAction","target":["https:\/\/www.plougrescant.fr\/camp\/periodes-douverture\/"]}]},{"@type":"ImageObject","inLanguage":"fr-FR","@id":"https:\/\/www.plougrescant.fr\/camp\/periodes-douverture\/#primaryimage","url":"https:\/\/www.plougrescant.fr\/camp\/wp-content\/uploads\/2022\/08\/camping_plougrescant-periodes_douverture.jpg","contentUrl":"https:\/\/www.plougrescant.fr\/camp\/wp-content\/uploads\/2022\/08\/camping_plougrescant-periodes_douverture.jpg","width":1200,"height":630},{"@type":"BreadcrumbList","@id":"https:\/\/www.plougrescant.fr\/camp\/periodes-douverture\/#breadcrumb","itemListElement":[{"@type":"ListItem","position":1,"name":"Accueil","item":"https:\/\/www.plougrescant.fr\/camp\/"},{"@type":"ListItem","position":2,"name":"P\u00e9riodes d&rsquo;ouverture"}]},{"@type":"WebSite","@id":"https:\/\/www.plougrescant.fr\/camp\/#website","url":"https:\/\/www.plougrescant.fr\/camp\/","name":"Beg ar Vilin","description":"le Camping municipal de Plougrescant","publisher":{"@id":"https:\/\/www.plougrescant.fr\/camp\/#organization"},"potentialAction":[{"@type":"SearchAction","target":{"@type":"EntryPoint","urlTemplate":"https:\/\/www.plougrescant.fr\/camp\/?s={search_term_string}"},"query-input":"required name=search_term_string"}],"inLanguage":"fr-FR"},{"@type":"Organization","@id":"https:\/\/www.plougrescant.fr\/camp\/#organization","name":"Beg ar Vilin","url":"https:\/\/www.plougrescant.fr\/camp\/","logo":{"@type":"ImageObject","inLanguage":"fr-FR","@id":"https:\/\/www.plougrescant.fr\/camp\/#\/schema\/logo\/image\/","url":"https:\/\/www.plougrescant.fr\/camp\/wp-content\/uploads\/2022\/09\/cropped-camping_municipal_de_plougrescant-logotype.jpg","contentUrl":"https:\/\/www.plougrescant.fr\/camp\/wp-content\/uploads\/2022\/09\/cropped-camping_municipal_de_plougrescant-logotype.jpg","width":1181,"height":1181,"caption":"Beg ar Vilin"},"image":{"@id":"https:\/\/www.plougrescant.fr\/camp\/#\/schema\/logo\/image\/"}}]}},"_links":{"self":[{"href":"https:\/\/www.plougrescant.fr\/camp\/wp-json\/wp\/v2\/pages\/1102","targetHints":{"allow":["GET"]}}],"collection":[{"href":"https:\/\/www.plougrescant.fr\/camp\/wp-json\/wp\/v2\/pages"}],"about":[{"href":"https:\/\/www.plougrescant.fr\/camp\/wp-json\/wp\/v2\/types\/page"}],"author":[{"embeddable":true,"href":"https:\/\/www.plougrescant.fr\/camp\/wp-json\/wp\/v2\/users\/5"}],"replies":[{"embeddable":true,"href":"https:\/\/www.plougrescant.fr\/camp\/wp-json\/wp\/v2\/comments?post=1102"}],"version-history":[{"count":61,"href":"https:\/\/www.plougrescant.fr\/camp\/wp-json\/wp\/v2\/pages\/1102\/revisions"}],"predecessor-version":[{"id":2897,"href":"https:\/\/www.plougrescant.fr\/camp\/wp-json\/wp\/v2\/pages\/1102\/revisions\/2897"}],"wp:featuredmedia":[{"embeddable":true,"href":"https:\/\/www.plougrescant.fr\/camp\/wp-json\/wp\/v2\/media\/1591"}],"wp:attachment":[{"href":"https:\/\/www.plougrescant.fr\/camp\/wp-json\/wp\/v2\/media?parent=1102"}],"curies":[{"name":"wp","href":"https:\/\/api.w.org\/{rel}","templated":true}]}}